{"id":393,"date":"2011-12-27T14:54:04","date_gmt":"2011-12-27T13:54:04","guid":{"rendered":"http:\/\/swietodrzewa.pl\/?page_id=393"},"modified":"2014-03-26T15:54:05","modified_gmt":"2014-03-26T14:54:05","slug":"lekcje-zajecia-w-terenie","status":"publish","type":"page","link":"https:\/\/archiwum.swietodrzewa.pl\/?page_id=393","title":{"rendered":"Lekcje \/ Warsztaty \/ Zaj\u0119cia w terenie"},"content":{"rendered":"<p>Jak pokazuj\u0105 raporty nadsy\u0142ane ze szk\u00f3\u0142 w ca\u0142ej Polsce \u015awi\u0119to Drzewa stwarza nieograniczone mo\u017cliwo\u015bci edukacyjne. O drzewach mo\u017cna m\u00f3wi\u0107 podczas lekcji j\u0119zyka obcego, na matematyce, geografii, fizyce, chemii, zaj\u0119ciach z przedmiot\u00f3w<br \/>\nzawodowych, a nawet na wychowaniu fizycznym. R\u00f3\u017cnorakie owoce drzew i ich li\u015bcie s\u0105 tematem konkurs\u00f3w literackich i plastycznych. W te ostatnie anga\u017cuj\u0105 si\u0119 ch\u0119tnie najm\u0142odsi uczestnicy programu. Powstaj\u0105 ca\u0142e galerie prac i du\u017ce r\u0119cznie wykonane plakaty edukacyjne, kt\u00f3re zdobi\u0105 klasy i korytarze.<\/p>\n<p>Prowadzenie zaj\u0119\u0107 w terenie i kontakt z przyrod\u0105 zaszczepia u m\u0142odych ludzi szacunek do przyrody. Bezpo\u015brednie do\u015bwiadczenie nie tylko daje wiedz\u0119 ale tak\u017ce buduje zwi\u0105zki emocjonalne z miejscem. To wa\u017cna forma nauki jakiej potrzebuj\u0105 uczniowie XXI wieku, kt\u00f3ra pozwala oderwa\u0107 si\u0119 od szkolnej \u0142awki, cz\u0119sto rozwin\u0105\u0107 nowe nieodkryte dotychczas zainteresowania, odszuka\u0107 drzewa \u2013 pomniki przyrody, albo po prostu przytuli\u0107 si\u0119 do drzewa\u2026 i tak leczy\u0107.<\/p>\n","protected":false},"excerpt":{"rendered":"<p>Jak pokazuj\u0105 raporty nadsy\u0142ane ze szk\u00f3\u0142 w ca\u0142ej Polsce \u015awi\u0119to Drzewa stwarza nieograniczone mo\u017cliwo\u015bci edukacyjne. O drzewach mo\u017cna m\u00f3wi\u0107 podczas lekcji j\u0119zyka obcego, na matematyce, geografii, fizyce, chemii, zaj\u0119ciach z przedmiot\u00f3w zawodowych, a nawet na wychowaniu fizycznym. R\u00f3\u017cnorakie owoce drzew i ich li\u015bcie s\u0105 tematem konkurs\u00f3w literackich i plastycznych. W te ostatnie anga\u017cuj\u0105 si\u0119 ch\u0119tnie [&hellip;]<\/p>\n","protected":false},"author":1,"featured_media":0,"parent":8,"menu_order":9,"comment_status":"closed","ping_status":"closed","template":"","meta":{"ngg_post_thumbnail":0},"_links":{"self":[{"href":"https:\/\/archiwum.swietodrzewa.pl\/index.php?rest_route=\/wp\/v2\/pages\/393"}],"collection":[{"href":"https:\/\/archiwum.swietodrzewa.pl\/index.php?rest_route=\/wp\/v2\/pages"}],"about":[{"href":"https:\/\/archiwum.swietodrzewa.pl\/index.php?rest_route=\/wp\/v2\/types\/page"}],"author":[{"embeddable":true,"href":"https:\/\/archiwum.swietodrzewa.pl\/index.php?rest_route=\/wp\/v2\/users\/1"}],"replies":[{"embeddable":true,"href":"https:\/\/archiwum.swietodrzewa.pl\/index.php?rest_route=%2Fwp%2Fv2%2Fcomments&post=393"}],"version-history":[{"count":7,"href":"https:\/\/archiwum.swietodrzewa.pl\/index.php?rest_route=\/wp\/v2\/pages\/393\/revisions"}],"predecessor-version":[{"id":532,"href":"https:\/\/archiwum.swietodrzewa.pl\/index.php?rest_route=\/wp\/v2\/pages\/393\/revisions\/532"}],"up":[{"embeddable":true,"href":"https:\/\/archiwum.swietodrzewa.pl\/index.php?rest_route=\/wp\/v2\/pages\/8"}],"wp:attachment":[{"href":"https:\/\/archiwum.swietodrzewa.pl\/index.php?rest_route=%2Fwp%2Fv2%2Fmedia&parent=393"}],"curies":[{"name":"wp","href":"https:\/\/api.w.org\/{rel}","templated":true}]}}