{"id":6288,"date":"2015-08-18T14:04:41","date_gmt":"2015-08-18T12:04:41","guid":{"rendered":"http:\/\/swietodrzewa.pl\/?page_id=6288"},"modified":"2021-08-30T13:20:34","modified_gmt":"2021-08-30T11:20:34","slug":"drzewo-roku-2015","status":"publish","type":"page","link":"https:\/\/archiwum.swietodrzewa.pl\/?page_id=6288","title":{"rendered":"Drzewo Roku 2015"},"content":{"rendered":"<p><a href=\"http:\/\/swietodrzewa.pl\/?attachment_id=4243\" rel=\"attachment wp-att-4243\"><img loading=\"lazy\" class=\"alignleft size-medium wp-image-4243\" title=\"drzewo_roku_5_edycja\" src=\"http:\/\/swietodrzewa.pl\/wp-content\/uploads\/2014\/07\/drzewo_roku_5_edycja-210x300.jpg\" alt=\"\" width=\"210\" height=\"300\" srcset=\"https:\/\/archiwum.swietodrzewa.pl\/wp-content\/uploads\/2014\/07\/drzewo_roku_5_edycja-210x300.jpg 210w, https:\/\/archiwum.swietodrzewa.pl\/wp-content\/uploads\/2014\/07\/drzewo_roku_5_edycja-719x1024.jpg 719w, https:\/\/archiwum.swietodrzewa.pl\/wp-content\/uploads\/2014\/07\/drzewo_roku_5_edycja.jpg 919w\" sizes=\"(max-width: 210px) 100vw, 210px\" \/><\/a><\/p>\n<p><strong>W 5. edycji konkursu Drzewo Roku 2015&nbsp; zwyci\u0119\u017cy\u0142 d\u0105b Bolko z Hniszowa (woj. lubelskie)! To w\u0142a\u015bnie on b\u0119dzie reprezentowa\u0142 Polsk\u0119 w mi\u0119dzynarodowym plebiscycie Europejskie Drzewo Roku 2016!<\/strong><\/p>\n<p>W tegorocznym plebiscycie <strong>zwyci\u0119zca zdoby\u0142 5536 g\u0142os\u00f3w<\/strong>, niewiele mniej, bo 4549 uzyska\u0142a Reliktowa sosna z Sokolicy dzi\u0119ki czemu uplasowa\u0142a si\u0119 na drugim miejscu. Trzecie miejsce zdoby\u0142 Grab Jacek uzyskuj\u0105c 1929 g\u0142os\u00f3w.Statuetka Drzewo Roku 2015 trafi do przedstawicieli Gminy Ruda-Huta, kt\u00f3rzy zg\u0142osili drzewo do konkursu. Wr\u0119czenie nagr\u00f3d odb\u0119dzie si\u0119 w Warszawie (9. pa\u017adziernika 2015 r.) podczas inauguracji 13. edycji programu \u015awi\u0119to Drzewa Klubu Gaja.<\/p>\n<p><em>Serdecznie dzi\u0119kuj\u0119 wszystkim, kt\u00f3rzy uczestniczyli w konkursie Drzewo Roku 2015. To dzi\u0119ki Pa\u0144stwa g\u0142osom D\u0105b Bolko uzyska\u0142 tak znakomity wynik i zosta\u0142 zwyci\u0119zc\u0105. Mam nadziej\u0119, \u017ce to wsp\u00f3lne zaanga\u017cowanie wielu os\u00f3b przyniesie pozytywne efekty w przysz\u0142o\u015bci<\/em> \u2013 dodaje <strong>Kazimierz Smal<\/strong> W\u00f3jt Gminy Ruda-Huta<\/p>\n<p>W finale 5. edycji konkursu Drzewo Roku znalaz\u0142o si\u0119 16 drzew z nades\u0142anych 115 zg\u0142osze\u0144 z ca\u0142ej Polski. Podczas g\u0142osowania internauci oddali ponad 20&nbsp;500 wa\u017cnych g\u0142os\u00f3w. Na stronie plebiscytu odnotowano ponad 90&nbsp;000 ods\u0142on.<\/p>\n<p>Og\u00f3lnopolski konkurs Klubu Gaja&nbsp; \u2013 Drzewo Rokupropaguje postawy ochrony przyrody i konieczno\u015b\u0107 ochrony jej obiekt\u00f3w, jakimi s\u0105 drzewa. Zwraca uwag\u0119 na ich rol\u0119 w naszym \u017cyciu, silne zwi\u0105zki pomi\u0119dzy kultur\u0105 i histori\u0105 danej spo\u0142eczno\u015bci, a drzewem, do kt\u00f3rego przywi\u0105zuje ona szczeg\u00f3lne znaczenie. Wy\u0142ania najwa\u017cniejsze i najbardziej kochane przez spo\u0142eczno\u015bci lokalne drzewa w naszym kraju.Ambasadorami konkursu s\u0105 podr\u00f3\u017cniczka i pisarka, <strong>El\u017cbieta Dzikowska<\/strong><strong>,<\/strong> re\u017cyser i senator, <strong>Kazimierz Kutz<\/strong> oraz j\u0119zykoznawca, popularyzator wiedzy o j\u0119zyku polskim, profesor <strong>Jan Miodek<\/strong>.<\/p>\n<p><strong><a href=\"http:\/\/swietodrzewa.pl\/wp-content\/uploads\/2015\/07\/dab_Bolko.jpg\" target=\"_blank\" rel=\"noopener\"><img loading=\"lazy\" class=\"alignleft wp-image-6073\" title=\"d\u0105b Bolko\" src=\"http:\/\/swietodrzewa.pl\/wp-content\/uploads\/2015\/07\/dab_Bolko-300x252.jpg\" alt=\"d\u0105b Bolko\" width=\"240\" height=\"202\" srcset=\"https:\/\/archiwum.swietodrzewa.pl\/wp-content\/uploads\/2015\/07\/dab_Bolko-300x252.jpg 300w, https:\/\/archiwum.swietodrzewa.pl\/wp-content\/uploads\/2015\/07\/dab_Bolko.jpg 911w\" sizes=\"(max-width: 240px) 100vw, 240px\" \/><\/a>Zdobywca tytu\u0142u Drzewo Roku 2015 d\u0105b Bolko z Hniszowa (woj. lubelskie)<\/strong> \u2013 O tym, \u017ce Bolka jest niezwykle wa\u017cny dla okolicznych mieszka\u0144c\u00f3w \u015bwiadczy coroczna dwudniowa impreza organizowana w sierpniu z okazji imienin drzewa \u2013 Bolkowanie. Mimo tego, \u017ce szacowany wiek Bolka waha si\u0119 mi\u0119dzy 400 a 800 lat, hniszowianie zgodnie twierdz\u0105 \u017ce drzewo liczy sobie ich 1000. Jako potwierdzenie podaj\u0105 miejscow\u0105 legend\u0119, wed\u0142ug kt\u00f3rej w roku 1018 przed przepraw\u0105 przez Bug, Boles\u0142aw Chrobry sp\u0119dzi\u0142 noc w Hniszowie, odpoczywaj\u0105c pod m\u0142odym w\u00f3wczas d\u0119bem. St\u0105d te\u017c imi\u0119 Bolko ma pochodzi\u0107 od zdrobnienia imienia kr\u00f3la Chrobrego. Gmina i jej mieszka\u0144cy staraj\u0105 si\u0119 by informacje o Bolku i s\u0142awa pot\u0119\u017cnego d\u0119bu rozchodzi\u0142y si\u0119 mo\u017cliwie najszerzej. Wydaj\u0105 ulotki, foldery, reklamuj\u0105ce \u015bcie\u017ck\u0119 historyczno-przyrodnicz\u0105 w Hniszowie, a wydany niedawno przewodnik po gminie ma tytu\u0142 \u201eSpacer z Bolkiem\u201d.<\/p>\n<p><strong><a href=\"http:\/\/swietodrzewa.pl\/wp-content\/uploads\/2015\/07\/reliktowa-sosna.jpg\" target=\"_blank\" rel=\"noopener\"><img loading=\"lazy\" class=\"alignleft wp-image-6074\" title=\"Reliktowa Sosna z Sokolicy\" src=\"http:\/\/swietodrzewa.pl\/wp-content\/uploads\/2015\/07\/reliktowa-sosna-300x199.jpg\" alt=\"Reliktowa Sosna z Sokolicy\" width=\"240\" height=\"160\" srcset=\"https:\/\/archiwum.swietodrzewa.pl\/wp-content\/uploads\/2015\/07\/reliktowa-sosna-300x199.jpg 300w, https:\/\/archiwum.swietodrzewa.pl\/wp-content\/uploads\/2015\/07\/reliktowa-sosna-1024x681.jpg 1024w, https:\/\/archiwum.swietodrzewa.pl\/wp-content\/uploads\/2015\/07\/reliktowa-sosna.jpg 1280w\" sizes=\"(max-width: 240px) 100vw, 240px\" \/><\/a>Zdobywca 2. miejsca \u2013 Reliktowa sosna rosn\u0105ca na szczycie Sokolicy w Pieninach, w Kro\u015bcienku nad Dunajcem (woj. ma\u0142opolskie)<\/strong>, usytuowana tu\u017c nad przepa\u015bci\u0105, to prawdopodobnie najbardziej znane drzewo w Polsce. 500-letnia sosna jest ju\u017c symbolem \u2026 pi\u0119kna, si\u0142y i zdolno\u015bci przetrwania.<\/p>\n<p>&nbsp;<\/p>\n<p>&nbsp;<\/p>\n<p>&nbsp;<\/p>\n<p>&nbsp;<\/p>\n<p><strong><a href=\"http:\/\/swietodrzewa.pl\/wp-content\/uploads\/2015\/07\/grab-Jacek.jpg\" target=\"_blank\" rel=\"noopener\"><img loading=\"lazy\" class=\"alignleft wp-image-6075\" title=\"grab Jacek\" src=\"http:\/\/swietodrzewa.pl\/wp-content\/uploads\/2015\/07\/grab-Jacek-300x199.jpg\" alt=\"grab Jacek\" width=\"240\" height=\"160\" srcset=\"https:\/\/archiwum.swietodrzewa.pl\/wp-content\/uploads\/2015\/07\/grab-Jacek-300x199.jpg 300w, https:\/\/archiwum.swietodrzewa.pl\/wp-content\/uploads\/2015\/07\/grab-Jacek-1024x681.jpg 1024w, https:\/\/archiwum.swietodrzewa.pl\/wp-content\/uploads\/2015\/07\/grab-Jacek.jpg 1280w\" sizes=\"(max-width: 240px) 100vw, 240px\" \/><\/a><\/strong><strong>Zdobywca 3. miejsca \u2013 Grab Jacek rosn\u0105cy w Siedlcach (woj. mazowieckie)<\/strong>,swoje imi\u0119 zawdzi\u0119cza kowalowi o nadludzkiej sile \u2013 Jackowi, kt\u00f3ry sta\u0142 si\u0119 symbolem Siedlec \u2013 Atlasem d\u017awigaj\u0105cym glob ziemski na ratuszu. Po parku \u201eAleksandria\u201d, w kt\u00f3rym ro\u015bnie to ostatnie zachowane z alei binda\u017cowej z czas\u00f3w Ksi\u0119\u017cnej Aleksandry Ogi\u0144skiej drzewo, przechadza\u0142 si\u0119&nbsp;kr\u00f3l Stanis\u0142aw August Poniatowski dwukrotnie goszczony w Siedlcach.<\/p>\n<p>&nbsp;<\/p>\n<p>&nbsp;<\/p>\n<p><strong>Dok\u0142adna liczba g\u0142os\u00f3w zdobytych przez poszczeg\u00f3lne drzewa:<\/strong><\/p>\n<ol>\n<li><strong>D\u0105b Bolko \u2013 5536;<\/strong><\/li>\n<li>Reliktowa sosna z Sokolicy \u2013 4549;<\/li>\n<li>Grab Jacek \u2013 1929;<\/li>\n<li>Platan Cesarz \u2013 1902;<\/li>\n<li>D\u0105b Jan \u2013 1075;<\/li>\n<li>Jesion ze Stro\u0144ska \u2013 1036;<\/li>\n<li>\u0141azarska Wierzba \u0141\u0105cz\u0105ca \u2013 901;<\/li>\n<li>Jod\u0142a Lasumi\u0142a \u2013 805;<\/li>\n<li>D\u0105b Zbyszko \u2013 576;<\/li>\n<li>D\u0105b Wielkanocny \u2013 551;<\/li>\n<li>Jab\u0142o\u0144 Pani Wandy \u2013 506;<\/li>\n<li>Aleja D\u0119b\u00f3w \u2013 425;<\/li>\n<li>D\u0119bos\u0142aw Chrobrek \u2013 366;<\/li>\n<li>D\u0105b Sobieskiego \u2013 203;<\/li>\n<li>D\u0105b Dzidek \u2013 182;<\/li>\n<li>Jesion z Arkadii \u2013 117.<\/li>\n<\/ol>\n<p>***<\/p>\n<p><strong>Do tegorocznej edycji konkursu Drzewo Roku Klubu Gaja nades\u0142anych zosta\u0142o 115 zg\u0142osze\u0144 z ka\u017cdego wojew\u00f3dztwa w Polsce. Historie i opisy drzew by\u0142y wzruszaj\u0105ce, pi\u0119kne, pouczaj\u0105ce a tak\u017ce zabawne. Ze zg\u0142osze\u0144 tych Jury wybra\u0142o fina\u0142ow\u0105 szesnastk\u0119 \u2013 osiem d\u0119b\u00f3w, jod\u0142\u0119, sosn\u0119, platana, wierzb\u0119, dwa jesiony, grab oraz jab\u0142o\u0144.<\/strong><\/p>\n<p><em>Wszystkim uczestnikom konkursu serdecznie dzi\u0119kujemy za nades\u0142ane zg\u0142oszenia. Zawiera\u0142y one niezwyk\u0142e oraz ciekawe historie i opisy zar\u00f3wno drzew i ludzi, jak i silnych wi\u0119zi, kt\u00f3re \u0142\u0105cz\u0105 cz\u0142owieka, drzewo, lokaln\u0105 ojczyzn\u0119 i jej histori\u0119<\/em> \u2013 m\u00f3wi koordynatorka programu \u015awi\u0119to Drzewa Klubu Gaja, <strong>Jolanta Migda\u0142<\/strong>.<\/p>\n<p>Autorzy zakwalifikowanych do fina\u0142u zg\u0142osze\u0144 musz\u0105 si\u0119 przygotowa\u0107 do rywalizacji, bowiem Drzewo Roku 2015 wybior\u0105 internauci podczas czerwcowego g\u0142osowania na stronie <a href=\"http:\/\/www.drzeworoku.pl\" target=\"_blank\" rel=\"noopener\">www.drzeworoku.pl<\/a><\/p>\n<p><strong>Fina\u0142owa szesnastka:<\/strong><\/p>\n<p>Aleja D\u0119b\u00f3w \u2013 Kalety (woj. \u015bl\u0105skie);<\/p>\n<p>D\u0105b Bolko \u2013 Hnisz\u00f3w (woj. lubelskie);<\/p>\n<p>D\u0105b Dzidek \u2013 So\u0142tysy (woj. opolskie);<\/p>\n<p>D\u0105b Jan \u2013 Go\u0142uch\u00f3w (woj. wielkopolskie);<\/p>\n<p>D\u0119bos\u0142aw Chrobrek \u2013 W\u0105sosz (woj. dolno\u015bl\u0105skie);<\/p>\n<p>D\u0105b Sobieskiego \u2013 Ustro\u0144 (woj. \u015bl\u0105skie);<\/p>\n<p>D\u0105b Wielkanocny \u2013 Janowiec Wielkopolski (woj. kujawsko-pomorskie);<\/p>\n<p>D\u0105b Zbyszko \u2013 Woziwoda (woj. kujawsko-pomorskie);<\/p>\n<p>Grab Jacek \u2013 Siedlce (woj. mazowieckie);<\/p>\n<p>Jab\u0142o\u0144 Pani Wandy \u2013 Konstancin (woj. mazowieckie);<\/p>\n<p>Jod\u0142a Lasumi\u0142a \u2013 Baligr\u00f3d (woj. podkarpackie);<\/p>\n<p>Jesion z Arkadii \u2013 Arkadia (woj. \u0142\u00f3dzkie);<\/p>\n<p>Jesion ze Stro\u0144ska \u2013 Stro\u0144sko (woj. \u0142\u00f3dzkie);<\/p>\n<p>\u0141azarska Wierzba \u0141\u0105cz\u0105ca \u2013 Pozna\u0144 (woj. wielkopolskie);<\/p>\n<p>Platan Cesarz \u2013 Cesarzowice (woj. dolno\u015bl\u0105skie);<\/p>\n<p>Reliktowa sosna z Sokolicy \u2013 Kro\u015bcienko nad Dunajcem (woj. ma\u0142opolskie).<\/p>\n<p><a href=\"http:\/\/swietodrzewa.pl\/?p=5655#more-5655\" target=\"_blank\" rel=\"noopener\"><strong>Czytaj wi\u0119cej o kandydatach &gt;&gt;&gt;<\/strong><\/a><\/p>\n<p><strong>Zobacz zdj\u0119cia finalist\u00f3w:<\/strong><\/p>\n<!-- default-view.php -->\n<div\n\tclass=\"ngg-galleryoverview default-view \n\t ngg-ajax-pagination-none\t\"\n\tid=\"ngg-gallery-0abeb089ab9c02c8e17d5d525fb176ef-1\">\n\n\t\t<!-- Thumbnails -->\n\t\t\t\t<div id=\"ngg-image-0\" class=\"ngg-gallery-thumbnail-box \n\t\t\t\t\t\t\t\t\t\t\t\" \n\t\t\t>\n\t\t\t\t\t\t<div class=\"ngg-gallery-thumbnail\">\n\t\t\t<a href=\"https:\/\/archiwum.swietodrzewa.pl\/wp-content\/gallery\/finalowa-16-drzewo-roku-2015\/Aleja-Debow-w-Kaletach-Truszczycy.JPG\"\n\t\t\t\ttitle=\"Aleja D\u0119b\u00f3w  \u2013 Kalety (woj. \u015bl\u0105skie);\"\n\t\t\t\tdata-src=\"https:\/\/archiwum.swietodrzewa.pl\/wp-content\/gallery\/finalowa-16-drzewo-roku-2015\/Aleja-Debow-w-Kaletach-Truszczycy.JPG\"\n\t\t\t\tdata-thumbnail=\"https:\/\/archiwum.swietodrzewa.pl\/wp-content\/gallery\/finalowa-16-drzewo-roku-2015\/thumbs\/thumbs_Aleja-Debow-w-Kaletach-Truszczycy.JPG\"\n\t\t\t\tdata-image-id=\"843\"\n\t\t\t\tdata-title=\"Aleja D\u0119b\u00f3w  \u2013 Kalety (woj. \u015bl\u0105skie);\"\n\t\t\t\tdata-description=\"Aleja D\u0119b\u00f3w  \u2013 Kalety (woj. \u015bl\u0105skie);\"\n\t\t\t\tdata-image-slug=\"aleja-debow-w-kaletach-truszczycy\"\n\t\t\t\tclass=\"shutterset_0abeb089ab9c02c8e17d5d525fb176ef\">\n\t\t\t\t<img\n\t\t\t\t\ttitle=\"Aleja D\u0119b\u00f3w  \u2013 Kalety (woj. \u015bl\u0105skie);\"\n\t\t\t\t\talt=\"Aleja D\u0119b\u00f3w  \u2013 Kalety (woj. \u015bl\u0105skie);\"\n\t\t\t\t\tsrc=\"https:\/\/archiwum.swietodrzewa.pl\/wp-content\/gallery\/finalowa-16-drzewo-roku-2015\/thumbs\/thumbs_Aleja-Debow-w-Kaletach-Truszczycy.JPG\"\n\t\t\t\t\twidth=\"100\"\n\t\t\t\t\theight=\"75\"\n\t\t\t\t\tstyle=\"max-width:100%;\"\n\t\t\t\t\/>\n\t\t\t<\/a>\n\t\t<\/div>\n\t\t\t\t\t\t\t<\/div> \n\t\t\t\n\t\t\t\t<div id=\"ngg-image-1\" class=\"ngg-gallery-thumbnail-box \n\t\t\t\t\t\t\t\t\t\t\t\" \n\t\t\t>\n\t\t\t\t\t\t<div class=\"ngg-gallery-thumbnail\">\n\t\t\t<a href=\"https:\/\/archiwum.swietodrzewa.pl\/wp-content\/gallery\/finalowa-16-drzewo-roku-2015\/dab-Bolko.jpg\"\n\t\t\t\ttitle=\"D\u0105b Bolko \u2013 Hnisz\u00f3w (woj. lubelskie);\"\n\t\t\t\tdata-src=\"https:\/\/archiwum.swietodrzewa.pl\/wp-content\/gallery\/finalowa-16-drzewo-roku-2015\/dab-Bolko.jpg\"\n\t\t\t\tdata-thumbnail=\"https:\/\/archiwum.swietodrzewa.pl\/wp-content\/gallery\/finalowa-16-drzewo-roku-2015\/thumbs\/thumbs_dab-Bolko.jpg\"\n\t\t\t\tdata-image-id=\"844\"\n\t\t\t\tdata-title=\"D\u0105b Bolko \u2013 Hnisz\u00f3w (woj. lubelskie);\"\n\t\t\t\tdata-description=\"D\u0105b Bolko \u2013 Hnisz\u00f3w (woj. lubelskie);\"\n\t\t\t\tdata-image-slug=\"dab-bolko\"\n\t\t\t\tclass=\"shutterset_0abeb089ab9c02c8e17d5d525fb176ef\">\n\t\t\t\t<img\n\t\t\t\t\ttitle=\"D\u0105b Bolko \u2013 Hnisz\u00f3w (woj. lubelskie);\"\n\t\t\t\t\talt=\"D\u0105b Bolko \u2013 Hnisz\u00f3w (woj. lubelskie);\"\n\t\t\t\t\tsrc=\"https:\/\/archiwum.swietodrzewa.pl\/wp-content\/gallery\/finalowa-16-drzewo-roku-2015\/thumbs\/thumbs_dab-Bolko.jpg\"\n\t\t\t\t\twidth=\"100\"\n\t\t\t\t\theight=\"75\"\n\t\t\t\t\tstyle=\"max-width:100%;\"\n\t\t\t\t\/>\n\t\t\t<\/a>\n\t\t<\/div>\n\t\t\t\t\t\t\t<\/div> \n\t\t\t\n\t\t\t\t<div id=\"ngg-image-2\" class=\"ngg-gallery-thumbnail-box \n\t\t\t\t\t\t\t\t\t\t\t\" \n\t\t\t>\n\t\t\t\t\t\t<div class=\"ngg-gallery-thumbnail\">\n\t\t\t<a href=\"https:\/\/archiwum.swietodrzewa.pl\/wp-content\/gallery\/finalowa-16-drzewo-roku-2015\/Dab-Dzidek.jpg\"\n\t\t\t\ttitle=\"D\u0105b Dzidek \u2013 So\u0142tysy (woj. opolskie);\"\n\t\t\t\tdata-src=\"https:\/\/archiwum.swietodrzewa.pl\/wp-content\/gallery\/finalowa-16-drzewo-roku-2015\/Dab-Dzidek.jpg\"\n\t\t\t\tdata-thumbnail=\"https:\/\/archiwum.swietodrzewa.pl\/wp-content\/gallery\/finalowa-16-drzewo-roku-2015\/thumbs\/thumbs_Dab-Dzidek.jpg\"\n\t\t\t\tdata-image-id=\"845\"\n\t\t\t\tdata-title=\"D\u0105b Dzidek \u2013 So\u0142tysy (woj. opolskie);\"\n\t\t\t\tdata-description=\"D\u0105b Dzidek \u2013 So\u0142tysy (woj. opolskie);\"\n\t\t\t\tdata-image-slug=\"dab-dzidek\"\n\t\t\t\tclass=\"shutterset_0abeb089ab9c02c8e17d5d525fb176ef\">\n\t\t\t\t<img\n\t\t\t\t\ttitle=\"D\u0105b Dzidek \u2013 So\u0142tysy (woj. opolskie);\"\n\t\t\t\t\talt=\"D\u0105b Dzidek \u2013 So\u0142tysy (woj. opolskie);\"\n\t\t\t\t\tsrc=\"https:\/\/archiwum.swietodrzewa.pl\/wp-content\/gallery\/finalowa-16-drzewo-roku-2015\/thumbs\/thumbs_Dab-Dzidek.jpg\"\n\t\t\t\t\twidth=\"100\"\n\t\t\t\t\theight=\"75\"\n\t\t\t\t\tstyle=\"max-width:100%;\"\n\t\t\t\t\/>\n\t\t\t<\/a>\n\t\t<\/div>\n\t\t\t\t\t\t\t<\/div> \n\t\t\t\n\t\t\t\t<div id=\"ngg-image-3\" class=\"ngg-gallery-thumbnail-box \n\t\t\t\t\t\t\t\t\t\t\t\" \n\t\t\t>\n\t\t\t\t\t\t<div class=\"ngg-gallery-thumbnail\">\n\t\t\t<a href=\"https:\/\/archiwum.swietodrzewa.pl\/wp-content\/gallery\/finalowa-16-drzewo-roku-2015\/Dab-Jan-fot.-D.-Piotrowska.jpg\"\n\t\t\t\ttitle=\"D\u0105b Jan \u2013 Go\u0142uch\u00f3w (woj. wielkopolskie);\"\n\t\t\t\tdata-src=\"https:\/\/archiwum.swietodrzewa.pl\/wp-content\/gallery\/finalowa-16-drzewo-roku-2015\/Dab-Jan-fot.-D.-Piotrowska.jpg\"\n\t\t\t\tdata-thumbnail=\"https:\/\/archiwum.swietodrzewa.pl\/wp-content\/gallery\/finalowa-16-drzewo-roku-2015\/thumbs\/thumbs_Dab-Jan-fot.-D.-Piotrowska.jpg\"\n\t\t\t\tdata-image-id=\"846\"\n\t\t\t\tdata-title=\"D\u0105b Jan \u2013 Go\u0142uch\u00f3w (woj. wielkopolskie);\"\n\t\t\t\tdata-description=\"D\u0105b Jan \u2013 Go\u0142uch\u00f3w (woj. wielkopolskie);\"\n\t\t\t\tdata-image-slug=\"dab-jan-fot-d-piotrowska\"\n\t\t\t\tclass=\"shutterset_0abeb089ab9c02c8e17d5d525fb176ef\">\n\t\t\t\t<img\n\t\t\t\t\ttitle=\"D\u0105b Jan \u2013 Go\u0142uch\u00f3w (woj. wielkopolskie);\"\n\t\t\t\t\talt=\"D\u0105b Jan \u2013 Go\u0142uch\u00f3w (woj. wielkopolskie);\"\n\t\t\t\t\tsrc=\"https:\/\/archiwum.swietodrzewa.pl\/wp-content\/gallery\/finalowa-16-drzewo-roku-2015\/thumbs\/thumbs_Dab-Jan-fot.-D.-Piotrowska.jpg\"\n\t\t\t\t\twidth=\"100\"\n\t\t\t\t\theight=\"75\"\n\t\t\t\t\tstyle=\"max-width:100%;\"\n\t\t\t\t\/>\n\t\t\t<\/a>\n\t\t<\/div>\n\t\t\t\t\t\t\t<\/div> \n\t\t\t\n\t\t\t\t<div id=\"ngg-image-4\" class=\"ngg-gallery-thumbnail-box \n\t\t\t\t\t\t\t\t\t\t\t\" \n\t\t\t>\n\t\t\t\t\t\t<div class=\"ngg-gallery-thumbnail\">\n\t\t\t<a href=\"https:\/\/archiwum.swietodrzewa.pl\/wp-content\/gallery\/finalowa-16-drzewo-roku-2015\/Debos%C5%82aw-Chrobrek.JPG\"\n\t\t\t\ttitle=\"D\u0119bos\u0142aw Chrobrek \u2013 W\u0105sosz (woj. dolno\u015bl\u0105skie);\"\n\t\t\t\tdata-src=\"https:\/\/archiwum.swietodrzewa.pl\/wp-content\/gallery\/finalowa-16-drzewo-roku-2015\/Debos%C5%82aw-Chrobrek.JPG\"\n\t\t\t\tdata-thumbnail=\"https:\/\/archiwum.swietodrzewa.pl\/wp-content\/gallery\/finalowa-16-drzewo-roku-2015\/thumbs\/thumbs_Debos%C5%82aw-Chrobrek.JPG\"\n\t\t\t\tdata-image-id=\"856\"\n\t\t\t\tdata-title=\"D\u0119bos\u0142aw Chrobrek \u2013 W\u0105sosz (woj. dolno\u015bl\u0105skie);\"\n\t\t\t\tdata-description=\"D\u0119bos\u0142aw Chrobrek \u2013 W\u0105sosz (woj. dolno\u015bl\u0105skie);\"\n\t\t\t\tdata-image-slug=\"debos%c5%82aw-chrobrek-1\"\n\t\t\t\tclass=\"shutterset_0abeb089ab9c02c8e17d5d525fb176ef\">\n\t\t\t\t<img\n\t\t\t\t\ttitle=\"D\u0119bos\u0142aw Chrobrek \u2013 W\u0105sosz (woj. dolno\u015bl\u0105skie);\"\n\t\t\t\t\talt=\"D\u0119bos\u0142aw Chrobrek \u2013 W\u0105sosz (woj. dolno\u015bl\u0105skie);\"\n\t\t\t\t\tsrc=\"https:\/\/archiwum.swietodrzewa.pl\/wp-content\/gallery\/finalowa-16-drzewo-roku-2015\/thumbs\/thumbs_Debos%C5%82aw-Chrobrek.JPG\"\n\t\t\t\t\twidth=\"100\"\n\t\t\t\t\theight=\"75\"\n\t\t\t\t\tstyle=\"max-width:100%;\"\n\t\t\t\t\/>\n\t\t\t<\/a>\n\t\t<\/div>\n\t\t\t\t\t\t\t<\/div> \n\t\t\t\n\t\t\t\t<div id=\"ngg-image-5\" class=\"ngg-gallery-thumbnail-box \n\t\t\t\t\t\t\t\t\t\t\t\" \n\t\t\t>\n\t\t\t\t\t\t<div class=\"ngg-gallery-thumbnail\">\n\t\t\t<a href=\"https:\/\/archiwum.swietodrzewa.pl\/wp-content\/gallery\/finalowa-16-drzewo-roku-2015\/dab-Sobieskiego.JPG\"\n\t\t\t\ttitle=\"D\u0105b Sobieskiego \u2013 Ustro\u0144 (woj. \u015bl\u0105skie);\"\n\t\t\t\tdata-src=\"https:\/\/archiwum.swietodrzewa.pl\/wp-content\/gallery\/finalowa-16-drzewo-roku-2015\/dab-Sobieskiego.JPG\"\n\t\t\t\tdata-thumbnail=\"https:\/\/archiwum.swietodrzewa.pl\/wp-content\/gallery\/finalowa-16-drzewo-roku-2015\/thumbs\/thumbs_dab-Sobieskiego.JPG\"\n\t\t\t\tdata-image-id=\"847\"\n\t\t\t\tdata-title=\"D\u0105b Sobieskiego \u2013 Ustro\u0144 (woj. \u015bl\u0105skie);\"\n\t\t\t\tdata-description=\"D\u0105b Sobieskiego \u2013 Ustro\u0144 (woj. \u015bl\u0105skie);\"\n\t\t\t\tdata-image-slug=\"dab-sobieskiego\"\n\t\t\t\tclass=\"shutterset_0abeb089ab9c02c8e17d5d525fb176ef\">\n\t\t\t\t<img\n\t\t\t\t\ttitle=\"D\u0105b Sobieskiego \u2013 Ustro\u0144 (woj. \u015bl\u0105skie);\"\n\t\t\t\t\talt=\"D\u0105b Sobieskiego \u2013 Ustro\u0144 (woj. \u015bl\u0105skie);\"\n\t\t\t\t\tsrc=\"https:\/\/archiwum.swietodrzewa.pl\/wp-content\/gallery\/finalowa-16-drzewo-roku-2015\/thumbs\/thumbs_dab-Sobieskiego.JPG\"\n\t\t\t\t\twidth=\"100\"\n\t\t\t\t\theight=\"75\"\n\t\t\t\t\tstyle=\"max-width:100%;\"\n\t\t\t\t\/>\n\t\t\t<\/a>\n\t\t<\/div>\n\t\t\t\t\t\t\t<\/div> \n\t\t\t\n\t\t\t\t<div id=\"ngg-image-6\" class=\"ngg-gallery-thumbnail-box \n\t\t\t\t\t\t\t\t\t\t\t\" \n\t\t\t>\n\t\t\t\t\t\t<div class=\"ngg-gallery-thumbnail\">\n\t\t\t<a href=\"https:\/\/archiwum.swietodrzewa.pl\/wp-content\/gallery\/finalowa-16-drzewo-roku-2015\/dab-Wielkanocny.JPG\"\n\t\t\t\ttitle=\"D\u0105b Wielkanocny \u2013 Janowiec Wielkopolski (woj. kujawsko-pomorskie);\"\n\t\t\t\tdata-src=\"https:\/\/archiwum.swietodrzewa.pl\/wp-content\/gallery\/finalowa-16-drzewo-roku-2015\/dab-Wielkanocny.JPG\"\n\t\t\t\tdata-thumbnail=\"https:\/\/archiwum.swietodrzewa.pl\/wp-content\/gallery\/finalowa-16-drzewo-roku-2015\/thumbs\/thumbs_dab-Wielkanocny.JPG\"\n\t\t\t\tdata-image-id=\"848\"\n\t\t\t\tdata-title=\"D\u0105b Wielkanocny \u2013 Janowiec Wielkopolski (woj. kujawsko-pomorskie);\"\n\t\t\t\tdata-description=\"D\u0105b Wielkanocny \u2013 Janowiec Wielkopolski (woj. kujawsko-pomorskie);\"\n\t\t\t\tdata-image-slug=\"dab-wielkanocny\"\n\t\t\t\tclass=\"shutterset_0abeb089ab9c02c8e17d5d525fb176ef\">\n\t\t\t\t<img\n\t\t\t\t\ttitle=\"D\u0105b Wielkanocny \u2013 Janowiec Wielkopolski (woj. kujawsko-pomorskie);\"\n\t\t\t\t\talt=\"D\u0105b Wielkanocny \u2013 Janowiec Wielkopolski (woj. kujawsko-pomorskie);\"\n\t\t\t\t\tsrc=\"https:\/\/archiwum.swietodrzewa.pl\/wp-content\/gallery\/finalowa-16-drzewo-roku-2015\/thumbs\/thumbs_dab-Wielkanocny.JPG\"\n\t\t\t\t\twidth=\"100\"\n\t\t\t\t\theight=\"75\"\n\t\t\t\t\tstyle=\"max-width:100%;\"\n\t\t\t\t\/>\n\t\t\t<\/a>\n\t\t<\/div>\n\t\t\t\t\t\t\t<\/div> \n\t\t\t\n\t\t\t\t<div id=\"ngg-image-7\" class=\"ngg-gallery-thumbnail-box \n\t\t\t\t\t\t\t\t\t\t\t\" \n\t\t\t>\n\t\t\t\t\t\t<div class=\"ngg-gallery-thumbnail\">\n\t\t\t<a href=\"https:\/\/archiwum.swietodrzewa.pl\/wp-content\/gallery\/finalowa-16-drzewo-roku-2015\/dab-Zbyszko.JPG\"\n\t\t\t\ttitle=\"D\u0105b Zbyszko \u2013 Woziwoda (woj. kujawsko-pomorskie);\"\n\t\t\t\tdata-src=\"https:\/\/archiwum.swietodrzewa.pl\/wp-content\/gallery\/finalowa-16-drzewo-roku-2015\/dab-Zbyszko.JPG\"\n\t\t\t\tdata-thumbnail=\"https:\/\/archiwum.swietodrzewa.pl\/wp-content\/gallery\/finalowa-16-drzewo-roku-2015\/thumbs\/thumbs_dab-Zbyszko.JPG\"\n\t\t\t\tdata-image-id=\"849\"\n\t\t\t\tdata-title=\"D\u0105b Zbyszko \u2013 Woziwoda (woj. kujawsko-pomorskie);\"\n\t\t\t\tdata-description=\"D\u0105b Zbyszko \u2013 Woziwoda (woj. kujawsko-pomorskie);\"\n\t\t\t\tdata-image-slug=\"dab-zbyszko\"\n\t\t\t\tclass=\"shutterset_0abeb089ab9c02c8e17d5d525fb176ef\">\n\t\t\t\t<img\n\t\t\t\t\ttitle=\"D\u0105b Zbyszko \u2013 Woziwoda (woj. kujawsko-pomorskie);\"\n\t\t\t\t\talt=\"D\u0105b Zbyszko \u2013 Woziwoda (woj. kujawsko-pomorskie);\"\n\t\t\t\t\tsrc=\"https:\/\/archiwum.swietodrzewa.pl\/wp-content\/gallery\/finalowa-16-drzewo-roku-2015\/thumbs\/thumbs_dab-Zbyszko.JPG\"\n\t\t\t\t\twidth=\"100\"\n\t\t\t\t\theight=\"75\"\n\t\t\t\t\tstyle=\"max-width:100%;\"\n\t\t\t\t\/>\n\t\t\t<\/a>\n\t\t<\/div>\n\t\t\t\t\t\t\t<\/div> \n\t\t\t\n\t\t\t\t<div id=\"ngg-image-8\" class=\"ngg-gallery-thumbnail-box \n\t\t\t\t\t\t\t\t\t\t\t\" \n\t\t\t>\n\t\t\t\t\t\t<div class=\"ngg-gallery-thumbnail\">\n\t\t\t<a href=\"https:\/\/archiwum.swietodrzewa.pl\/wp-content\/gallery\/finalowa-16-drzewo-roku-2015\/grab-Jacek.JPG\"\n\t\t\t\ttitle=\"Grab Jacek \u2013 Siedlce (woj. mazowieckie);\"\n\t\t\t\tdata-src=\"https:\/\/archiwum.swietodrzewa.pl\/wp-content\/gallery\/finalowa-16-drzewo-roku-2015\/grab-Jacek.JPG\"\n\t\t\t\tdata-thumbnail=\"https:\/\/archiwum.swietodrzewa.pl\/wp-content\/gallery\/finalowa-16-drzewo-roku-2015\/thumbs\/thumbs_grab-Jacek.JPG\"\n\t\t\t\tdata-image-id=\"850\"\n\t\t\t\tdata-title=\"Grab Jacek \u2013 Siedlce (woj. mazowieckie);\"\n\t\t\t\tdata-description=\"Grab Jacek \u2013 Siedlce (woj. mazowieckie);\"\n\t\t\t\tdata-image-slug=\"grab-jacek\"\n\t\t\t\tclass=\"shutterset_0abeb089ab9c02c8e17d5d525fb176ef\">\n\t\t\t\t<img\n\t\t\t\t\ttitle=\"Grab Jacek \u2013 Siedlce (woj. mazowieckie);\"\n\t\t\t\t\talt=\"Grab Jacek \u2013 Siedlce (woj. mazowieckie);\"\n\t\t\t\t\tsrc=\"https:\/\/archiwum.swietodrzewa.pl\/wp-content\/gallery\/finalowa-16-drzewo-roku-2015\/thumbs\/thumbs_grab-Jacek.JPG\"\n\t\t\t\t\twidth=\"100\"\n\t\t\t\t\theight=\"75\"\n\t\t\t\t\tstyle=\"max-width:100%;\"\n\t\t\t\t\/>\n\t\t\t<\/a>\n\t\t<\/div>\n\t\t\t\t\t\t\t<\/div> \n\t\t\t\n\t\t\t\t<div id=\"ngg-image-9\" class=\"ngg-gallery-thumbnail-box \n\t\t\t\t\t\t\t\t\t\t\t\" \n\t\t\t>\n\t\t\t\t\t\t<div class=\"ngg-gallery-thumbnail\">\n\t\t\t<a href=\"https:\/\/archiwum.swietodrzewa.pl\/wp-content\/gallery\/finalowa-16-drzewo-roku-2015\/jab%C5%82on-Pani-Wandy.jpg\"\n\t\t\t\ttitle=\"Jab\u0142o\u0144 Pani Wandy - Konstancin (woj. mazowieckie);\"\n\t\t\t\tdata-src=\"https:\/\/archiwum.swietodrzewa.pl\/wp-content\/gallery\/finalowa-16-drzewo-roku-2015\/jab%C5%82on-Pani-Wandy.jpg\"\n\t\t\t\tdata-thumbnail=\"https:\/\/archiwum.swietodrzewa.pl\/wp-content\/gallery\/finalowa-16-drzewo-roku-2015\/thumbs\/thumbs_jab%C5%82on-Pani-Wandy.jpg\"\n\t\t\t\tdata-image-id=\"851\"\n\t\t\t\tdata-title=\"Jab\u0142o\u0144 Pani Wandy - Konstancin (woj. mazowieckie);\"\n\t\t\t\tdata-description=\"Jab\u0142o\u0144 Pani Wandy - Konstancin (woj. mazowieckie);\"\n\t\t\t\tdata-image-slug=\"jab%c5%82on-pani-wandy-1\"\n\t\t\t\tclass=\"shutterset_0abeb089ab9c02c8e17d5d525fb176ef\">\n\t\t\t\t<img\n\t\t\t\t\ttitle=\"Jab\u0142o\u0144 Pani Wandy - Konstancin (woj. mazowieckie);\"\n\t\t\t\t\talt=\"Jab\u0142o\u0144 Pani Wandy - Konstancin (woj. mazowieckie);\"\n\t\t\t\t\tsrc=\"https:\/\/archiwum.swietodrzewa.pl\/wp-content\/gallery\/finalowa-16-drzewo-roku-2015\/thumbs\/thumbs_jab%C5%82on-Pani-Wandy.jpg\"\n\t\t\t\t\twidth=\"100\"\n\t\t\t\t\theight=\"75\"\n\t\t\t\t\tstyle=\"max-width:100%;\"\n\t\t\t\t\/>\n\t\t\t<\/a>\n\t\t<\/div>\n\t\t\t\t\t\t\t<\/div> \n\t\t\t\n\t\t\t\t<div id=\"ngg-image-10\" class=\"ngg-gallery-thumbnail-box \n\t\t\t\t\t\t\t\t\t\t\t\" \n\t\t\t>\n\t\t\t\t\t\t<div class=\"ngg-gallery-thumbnail\">\n\t\t\t<a href=\"https:\/\/archiwum.swietodrzewa.pl\/wp-content\/gallery\/finalowa-16-drzewo-roku-2015\/jod%C5%82a-Lasumi%C5%82a.JPG\"\n\t\t\t\ttitle=\"Jod\u0142a Lasumi\u0142a  - Baligr\u00f3d (woj. podkarpackie);\"\n\t\t\t\tdata-src=\"https:\/\/archiwum.swietodrzewa.pl\/wp-content\/gallery\/finalowa-16-drzewo-roku-2015\/jod%C5%82a-Lasumi%C5%82a.JPG\"\n\t\t\t\tdata-thumbnail=\"https:\/\/archiwum.swietodrzewa.pl\/wp-content\/gallery\/finalowa-16-drzewo-roku-2015\/thumbs\/thumbs_jod%C5%82a-Lasumi%C5%82a.JPG\"\n\t\t\t\tdata-image-id=\"854\"\n\t\t\t\tdata-title=\"Jod\u0142a Lasumi\u0142a  - Baligr\u00f3d (woj. podkarpackie);\"\n\t\t\t\tdata-description=\"Jod\u0142a Lasumi\u0142a  - Baligr\u00f3d (woj. podkarpackie);\"\n\t\t\t\tdata-image-slug=\"jod%c5%82a-lasumi%c5%82a-1\"\n\t\t\t\tclass=\"shutterset_0abeb089ab9c02c8e17d5d525fb176ef\">\n\t\t\t\t<img\n\t\t\t\t\ttitle=\"Jod\u0142a Lasumi\u0142a  - Baligr\u00f3d (woj. podkarpackie);\"\n\t\t\t\t\talt=\"Jod\u0142a Lasumi\u0142a  - Baligr\u00f3d (woj. podkarpackie);\"\n\t\t\t\t\tsrc=\"https:\/\/archiwum.swietodrzewa.pl\/wp-content\/gallery\/finalowa-16-drzewo-roku-2015\/thumbs\/thumbs_jod%C5%82a-Lasumi%C5%82a.JPG\"\n\t\t\t\t\twidth=\"100\"\n\t\t\t\t\theight=\"75\"\n\t\t\t\t\tstyle=\"max-width:100%;\"\n\t\t\t\t\/>\n\t\t\t<\/a>\n\t\t<\/div>\n\t\t\t\t\t\t\t<\/div> \n\t\t\t\n\t\t\t\t<div id=\"ngg-image-11\" class=\"ngg-gallery-thumbnail-box \n\t\t\t\t\t\t\t\t\t\t\t\" \n\t\t\t>\n\t\t\t\t\t\t<div class=\"ngg-gallery-thumbnail\">\n\t\t\t<a href=\"https:\/\/archiwum.swietodrzewa.pl\/wp-content\/gallery\/finalowa-16-drzewo-roku-2015\/jesion-Nieborow-Arkadia.JPG\"\n\t\t\t\ttitle=\"Jesion z Arkadii  - Arkadia (woj. \u0142\u00f3dzkie);\"\n\t\t\t\tdata-src=\"https:\/\/archiwum.swietodrzewa.pl\/wp-content\/gallery\/finalowa-16-drzewo-roku-2015\/jesion-Nieborow-Arkadia.JPG\"\n\t\t\t\tdata-thumbnail=\"https:\/\/archiwum.swietodrzewa.pl\/wp-content\/gallery\/finalowa-16-drzewo-roku-2015\/thumbs\/thumbs_jesion-Nieborow-Arkadia.JPG\"\n\t\t\t\tdata-image-id=\"852\"\n\t\t\t\tdata-title=\"Jesion z Arkadii  - Arkadia (woj. \u0142\u00f3dzkie);\"\n\t\t\t\tdata-description=\"Jesion z Arkadii  - Arkadia (woj. \u0142\u00f3dzkie);\"\n\t\t\t\tdata-image-slug=\"jesion-nieborow-arkadia\"\n\t\t\t\tclass=\"shutterset_0abeb089ab9c02c8e17d5d525fb176ef\">\n\t\t\t\t<img\n\t\t\t\t\ttitle=\"Jesion z Arkadii  - Arkadia (woj. \u0142\u00f3dzkie);\"\n\t\t\t\t\talt=\"Jesion z Arkadii  - Arkadia (woj. \u0142\u00f3dzkie);\"\n\t\t\t\t\tsrc=\"https:\/\/archiwum.swietodrzewa.pl\/wp-content\/gallery\/finalowa-16-drzewo-roku-2015\/thumbs\/thumbs_jesion-Nieborow-Arkadia.JPG\"\n\t\t\t\t\twidth=\"100\"\n\t\t\t\t\theight=\"75\"\n\t\t\t\t\tstyle=\"max-width:100%;\"\n\t\t\t\t\/>\n\t\t\t<\/a>\n\t\t<\/div>\n\t\t\t\t\t\t\t<\/div> \n\t\t\t\n\t\t\t\t<div id=\"ngg-image-12\" class=\"ngg-gallery-thumbnail-box \n\t\t\t\t\t\t\t\t\t\t\t\" \n\t\t\t>\n\t\t\t\t\t\t<div class=\"ngg-gallery-thumbnail\">\n\t\t\t<a href=\"https:\/\/archiwum.swietodrzewa.pl\/wp-content\/gallery\/finalowa-16-drzewo-roku-2015\/jesion-Stronsko.K.Piasecka.JPG\"\n\t\t\t\ttitle=\"Jesion ze Stro\u0144ska \u2013 Stro\u0144sko (woj. \u0142\u00f3dzkie);\"\n\t\t\t\tdata-src=\"https:\/\/archiwum.swietodrzewa.pl\/wp-content\/gallery\/finalowa-16-drzewo-roku-2015\/jesion-Stronsko.K.Piasecka.JPG\"\n\t\t\t\tdata-thumbnail=\"https:\/\/archiwum.swietodrzewa.pl\/wp-content\/gallery\/finalowa-16-drzewo-roku-2015\/thumbs\/thumbs_jesion-Stronsko.K.Piasecka.JPG\"\n\t\t\t\tdata-image-id=\"857\"\n\t\t\t\tdata-title=\"Jesion ze Stro\u0144ska \u2013 Stro\u0144sko (woj. \u0142\u00f3dzkie);\"\n\t\t\t\tdata-description=\"Jesion ze Stro\u0144ska \u2013 Stro\u0144sko (woj. \u0142\u00f3dzkie);\"\n\t\t\t\tdata-image-slug=\"jesion-stronsko-k-piasecka\"\n\t\t\t\tclass=\"shutterset_0abeb089ab9c02c8e17d5d525fb176ef\">\n\t\t\t\t<img\n\t\t\t\t\ttitle=\"Jesion ze Stro\u0144ska \u2013 Stro\u0144sko (woj. \u0142\u00f3dzkie);\"\n\t\t\t\t\talt=\"Jesion ze Stro\u0144ska \u2013 Stro\u0144sko (woj. \u0142\u00f3dzkie);\"\n\t\t\t\t\tsrc=\"https:\/\/archiwum.swietodrzewa.pl\/wp-content\/gallery\/finalowa-16-drzewo-roku-2015\/thumbs\/thumbs_jesion-Stronsko.K.Piasecka.JPG\"\n\t\t\t\t\twidth=\"100\"\n\t\t\t\t\theight=\"75\"\n\t\t\t\t\tstyle=\"max-width:100%;\"\n\t\t\t\t\/>\n\t\t\t<\/a>\n\t\t<\/div>\n\t\t\t\t\t\t\t<\/div> \n\t\t\t\n\t\t\t\t<div id=\"ngg-image-13\" class=\"ngg-gallery-thumbnail-box \n\t\t\t\t\t\t\t\t\t\t\t\" \n\t\t\t>\n\t\t\t\t\t\t<div class=\"ngg-gallery-thumbnail\">\n\t\t\t<a href=\"https:\/\/archiwum.swietodrzewa.pl\/wp-content\/gallery\/finalowa-16-drzewo-roku-2015\/Wierzba_Poznan.jpg\"\n\t\t\t\ttitle=\"\u0141azarska Wierzba \u0141\u0105cz\u0105ca \u2013 Pozna\u0144 (woj. wielkopolskie);\"\n\t\t\t\tdata-src=\"https:\/\/archiwum.swietodrzewa.pl\/wp-content\/gallery\/finalowa-16-drzewo-roku-2015\/Wierzba_Poznan.jpg\"\n\t\t\t\tdata-thumbnail=\"https:\/\/archiwum.swietodrzewa.pl\/wp-content\/gallery\/finalowa-16-drzewo-roku-2015\/thumbs\/thumbs_Wierzba_Poznan.jpg\"\n\t\t\t\tdata-image-id=\"858\"\n\t\t\t\tdata-title=\"\u0141azarska Wierzba \u0141\u0105cz\u0105ca \u2013 Pozna\u0144 (woj. wielkopolskie);\"\n\t\t\t\tdata-description=\"\u0141azarska Wierzba \u0141\u0105cz\u0105ca \u2013 Pozna\u0144 (woj. wielkopolskie);\"\n\t\t\t\tdata-image-slug=\"wierzba_poznan\"\n\t\t\t\tclass=\"shutterset_0abeb089ab9c02c8e17d5d525fb176ef\">\n\t\t\t\t<img\n\t\t\t\t\ttitle=\"\u0141azarska Wierzba \u0141\u0105cz\u0105ca \u2013 Pozna\u0144 (woj. wielkopolskie);\"\n\t\t\t\t\talt=\"\u0141azarska Wierzba \u0141\u0105cz\u0105ca \u2013 Pozna\u0144 (woj. wielkopolskie);\"\n\t\t\t\t\tsrc=\"https:\/\/archiwum.swietodrzewa.pl\/wp-content\/gallery\/finalowa-16-drzewo-roku-2015\/thumbs\/thumbs_Wierzba_Poznan.jpg\"\n\t\t\t\t\twidth=\"100\"\n\t\t\t\t\theight=\"75\"\n\t\t\t\t\tstyle=\"max-width:100%;\"\n\t\t\t\t\/>\n\t\t\t<\/a>\n\t\t<\/div>\n\t\t\t\t\t\t\t<\/div> \n\t\t\t\n\t\t\t\t<div id=\"ngg-image-14\" class=\"ngg-gallery-thumbnail-box \n\t\t\t\t\t\t\t\t\t\t\t\" \n\t\t\t>\n\t\t\t\t\t\t<div class=\"ngg-gallery-thumbnail\">\n\t\t\t<a href=\"https:\/\/archiwum.swietodrzewa.pl\/wp-content\/gallery\/finalowa-16-drzewo-roku-2015\/Platan-Cesarz.JPG\"\n\t\t\t\ttitle=\"Platan Cesarz \u2013 Cesarzowice (woj. dolno\u015bl\u0105skie);\"\n\t\t\t\tdata-src=\"https:\/\/archiwum.swietodrzewa.pl\/wp-content\/gallery\/finalowa-16-drzewo-roku-2015\/Platan-Cesarz.JPG\"\n\t\t\t\tdata-thumbnail=\"https:\/\/archiwum.swietodrzewa.pl\/wp-content\/gallery\/finalowa-16-drzewo-roku-2015\/thumbs\/thumbs_Platan-Cesarz.JPG\"\n\t\t\t\tdata-image-id=\"853\"\n\t\t\t\tdata-title=\"Platan Cesarz \u2013 Cesarzowice (woj. dolno\u015bl\u0105skie);\"\n\t\t\t\tdata-description=\"Platan Cesarz \u2013 Cesarzowice (woj. dolno\u015bl\u0105skie);\"\n\t\t\t\tdata-image-slug=\"platan-cesarz\"\n\t\t\t\tclass=\"shutterset_0abeb089ab9c02c8e17d5d525fb176ef\">\n\t\t\t\t<img\n\t\t\t\t\ttitle=\"Platan Cesarz \u2013 Cesarzowice (woj. dolno\u015bl\u0105skie);\"\n\t\t\t\t\talt=\"Platan Cesarz \u2013 Cesarzowice (woj. dolno\u015bl\u0105skie);\"\n\t\t\t\t\tsrc=\"https:\/\/archiwum.swietodrzewa.pl\/wp-content\/gallery\/finalowa-16-drzewo-roku-2015\/thumbs\/thumbs_Platan-Cesarz.JPG\"\n\t\t\t\t\twidth=\"100\"\n\t\t\t\t\theight=\"75\"\n\t\t\t\t\tstyle=\"max-width:100%;\"\n\t\t\t\t\/>\n\t\t\t<\/a>\n\t\t<\/div>\n\t\t\t\t\t\t\t<\/div> \n\t\t\t\n\t\t\t\t<div id=\"ngg-image-15\" class=\"ngg-gallery-thumbnail-box \n\t\t\t\t\t\t\t\t\t\t\t\" \n\t\t\t>\n\t\t\t\t\t\t<div class=\"ngg-gallery-thumbnail\">\n\t\t\t<a href=\"https:\/\/archiwum.swietodrzewa.pl\/wp-content\/gallery\/finalowa-16-drzewo-roku-2015\/sosna-Sokolica.JPG\"\n\t\t\t\ttitle=\"Reliktowa sosna z Sokolicy \u2013 Kro\u015bcienko nad Dunajcem (woj. ma\u0142opolskie);\"\n\t\t\t\tdata-src=\"https:\/\/archiwum.swietodrzewa.pl\/wp-content\/gallery\/finalowa-16-drzewo-roku-2015\/sosna-Sokolica.JPG\"\n\t\t\t\tdata-thumbnail=\"https:\/\/archiwum.swietodrzewa.pl\/wp-content\/gallery\/finalowa-16-drzewo-roku-2015\/thumbs\/thumbs_sosna-Sokolica.JPG\"\n\t\t\t\tdata-image-id=\"855\"\n\t\t\t\tdata-title=\"Reliktowa sosna z Sokolicy \u2013 Kro\u015bcienko nad Dunajcem (woj. ma\u0142opolskie);\"\n\t\t\t\tdata-description=\"Reliktowa sosna z Sokolicy \u2013 Kro\u015bcienko nad Dunajcem (woj. ma\u0142opolskie);\"\n\t\t\t\tdata-image-slug=\"sosna-sokolica\"\n\t\t\t\tclass=\"shutterset_0abeb089ab9c02c8e17d5d525fb176ef\">\n\t\t\t\t<img\n\t\t\t\t\ttitle=\"Reliktowa sosna z Sokolicy \u2013 Kro\u015bcienko nad Dunajcem (woj. ma\u0142opolskie);\"\n\t\t\t\t\talt=\"Reliktowa sosna z Sokolicy \u2013 Kro\u015bcienko nad Dunajcem (woj. ma\u0142opolskie);\"\n\t\t\t\t\tsrc=\"https:\/\/archiwum.swietodrzewa.pl\/wp-content\/gallery\/finalowa-16-drzewo-roku-2015\/thumbs\/thumbs_sosna-Sokolica.JPG\"\n\t\t\t\t\twidth=\"100\"\n\t\t\t\t\theight=\"75\"\n\t\t\t\t\tstyle=\"max-width:100%;\"\n\t\t\t\t\/>\n\t\t\t<\/a>\n\t\t<\/div>\n\t\t\t\t\t\t\t<\/div> \n\t\t\t\n\t\n\t<br style=\"clear: both\" \/>\n\n\t\n\t\t<!-- Pagination -->\n\t\t<div class='ngg-clear'><\/div>\t<\/div>\n\n","protected":false},"excerpt":{"rendered":"<p>W 5. edycji konkursu Drzewo Roku 2015&nbsp; zwyci\u0119\u017cy\u0142 d\u0105b Bolko z Hniszowa (woj. lubelskie)! To w\u0142a\u015bnie on b\u0119dzie reprezentowa\u0142 Polsk\u0119 w mi\u0119dzynarodowym plebiscycie Europejskie Drzewo Roku 2016! W tegorocznym plebiscycie zwyci\u0119zca zdoby\u0142 5536 g\u0142os\u00f3w, niewiele mniej, bo 4549 uzyska\u0142a Reliktowa sosna z Sokolicy dzi\u0119ki czemu uplasowa\u0142a si\u0119 na drugim miejscu. Trzecie miejsce zdoby\u0142 Grab Jacek [&hellip;]<\/p>\n","protected":false},"author":3,"featured_media":0,"parent":1673,"menu_order":0,"comment_status":"closed","ping_status":"closed","template":"","meta":{"ngg_post_thumbnail":0},"_links":{"self":[{"href":"https:\/\/archiwum.swietodrzewa.pl\/index.php?rest_route=\/wp\/v2\/pages\/6288"}],"collection":[{"href":"https:\/\/archiwum.swietodrzewa.pl\/index.php?rest_route=\/wp\/v2\/pages"}],"about":[{"href":"https:\/\/archiwum.swietodrzewa.pl\/index.php?rest_route=\/wp\/v2\/types\/page"}],"author":[{"embeddable":true,"href":"https:\/\/archiwum.swietodrzewa.pl\/index.php?rest_route=\/wp\/v2\/users\/3"}],"replies":[{"embeddable":true,"href":"https:\/\/archiwum.swietodrzewa.pl\/index.php?rest_route=%2Fwp%2Fv2%2Fcomments&post=6288"}],"version-history":[{"count":6,"href":"https:\/\/archiwum.swietodrzewa.pl\/index.php?rest_route=\/wp\/v2\/pages\/6288\/revisions"}],"predecessor-version":[{"id":13262,"href":"https:\/\/archiwum.swietodrzewa.pl\/index.php?rest_route=\/wp\/v2\/pages\/6288\/revisions\/13262"}],"up":[{"embeddable":true,"href":"https:\/\/archiwum.swietodrzewa.pl\/index.php?rest_route=\/wp\/v2\/pages\/1673"}],"wp:attachment":[{"href":"https:\/\/archiwum.swietodrzewa.pl\/index.php?rest_route=%2Fwp%2Fv2%2Fmedia&parent=6288"}],"curies":[{"name":"wp","href":"https:\/\/api.w.org\/{rel}","templated":true}]}}